{"id":582,"date":"2021-03-04T15:12:28","date_gmt":"2021-03-04T14:12:28","guid":{"rendered":"https:\/\/www.dimoramarigold.it\/?page_id=582"},"modified":"2022-08-24T17:54:20","modified_gmt":"2022-08-24T15:54:20","slug":"centro-diurno","status":"publish","type":"page","link":"https:\/\/www.dimoramarigold.it\/index.php\/centro-diurno\/","title":{"rendered":"Centro Diurno"},"content":{"rendered":"\t\t<div data-elementor-type=\"wp-page\" data-elementor-id=\"582\" class=\"elementor elementor-582\" data-elementor-settings=\"[]\">\n\t\t\t\t\t\t<div class=\"elementor-inner\">\n\t\t\t\t\t\t\t<div class=\"elementor-section-wrap\">\n\t\t\t\t\t\t\t<section class=\"elementor-section elementor-top-section elementor-element elementor-element-68da8472 elementor-section-content-middle elementor-section-boxed elementor-section-height-default elementor-section-height-default\" data-id=\"68da8472\" data-element_type=\"section\" data-settings=\"{&quot;background_background&quot;:&quot;classic&quot;}\">\n\t\t\t\t\t\t\t<div class=\"elementor-background-overlay\"><\/div>\n\t\t\t\t\t\t\t<div class=\"elementor-container elementor-column-gap-default\">\n\t\t\t\t\t\t\t<div class=\"elementor-row\">\n\t\t\t\t\t<div class=\"elementor-column elementor-col-100 elementor-top-column elementor-element elementor-element-74902c8\" data-id=\"74902c8\" data-element_type=\"column\">\n\t\t\t<div class=\"elementor-column-wrap elementor-element-populated\">\n\t\t\t\t\t\t\t<div class=\"elementor-widget-wrap\">\n\t\t\t\t\t\t<div class=\"elementor-element elementor-element-20fbe655 elementor-widget elementor-widget-spacer\" data-id=\"20fbe655\" data-element_type=\"widget\" data-widget_type=\"spacer.default\">\n\t\t\t\t<div class=\"elementor-widget-container\">\n\t\t\t\t\t<div class=\"elementor-spacer\">\n\t\t\t<div class=\"elementor-spacer-inner\"><\/div>\n\t\t<\/div>\n\t\t\t\t<\/div>\n\t\t\t\t<\/div>\n\t\t\t\t<div class=\"elementor-element elementor-element-21ebe80d elementor-widget elementor-widget-spacer\" data-id=\"21ebe80d\" data-element_type=\"widget\" data-widget_type=\"spacer.default\">\n\t\t\t\t<div class=\"elementor-widget-container\">\n\t\t\t\t\t<div class=\"elementor-spacer\">\n\t\t\t<div class=\"elementor-spacer-inner\"><\/div>\n\t\t<\/div>\n\t\t\t\t<\/div>\n\t\t\t\t<\/div>\n\t\t\t\t\t\t<\/div>\n\t\t\t\t\t<\/div>\n\t\t<\/div>\n\t\t\t\t\t\t\t\t<\/div>\n\t\t\t\t\t<\/div>\n\t\t<\/section>\n\t\t\t\t<section class=\"elementor-section elementor-top-section elementor-element elementor-element-52a0782c elementor-section-boxed elementor-section-height-default elementor-section-height-default\" data-id=\"52a0782c\" data-element_type=\"section\">\n\t\t\t\t\t\t<div class=\"elementor-container elementor-column-gap-default\">\n\t\t\t\t\t\t\t<div class=\"elementor-row\">\n\t\t\t\t\t<div class=\"elementor-column elementor-col-100 elementor-top-column elementor-element elementor-element-3617215\" data-id=\"3617215\" data-element_type=\"column\">\n\t\t\t<div class=\"elementor-column-wrap elementor-element-populated\">\n\t\t\t\t\t\t\t<div class=\"elementor-widget-wrap\">\n\t\t\t\t\t\t<div class=\"elementor-element elementor-element-774b2839 elementor-invisible elementor-widget elementor-widget-heading\" data-id=\"774b2839\" data-element_type=\"widget\" data-settings=\"{&quot;_animation&quot;:&quot;zoomIn&quot;}\" data-widget_type=\"heading.default\">\n\t\t\t\t<div class=\"elementor-widget-container\">\n\t\t\t<h1 class=\"elementor-heading-title elementor-size-default\">Centro Diurno<\/h1>\t\t<\/div>\n\t\t\t\t<\/div>\n\t\t\t\t<div class=\"elementor-element elementor-element-75f447 elementor-widget-divider--view-line_icon elementor-view-default elementor-widget-divider--element-align-center elementor-widget elementor-widget-divider\" data-id=\"75f447\" data-element_type=\"widget\" data-widget_type=\"divider.default\">\n\t\t\t\t<div class=\"elementor-widget-container\">\n\t\t\t\t\t<div class=\"elementor-divider\">\n\t\t\t<span class=\"elementor-divider-separator\">\n\t\t\t\t\t\t\t<div class=\"elementor-icon elementor-divider__element\">\n\t\t\t\t\t<i aria-hidden=\"true\" class=\"far fa-hospital\"><\/i><\/div>\n\t\t\t\t\t\t<\/span>\n\t\t<\/div>\n\t\t\t\t<\/div>\n\t\t\t\t<\/div>\n\t\t\t\t<div class=\"elementor-element elementor-element-6681915a elementor-widget elementor-widget-heading\" data-id=\"6681915a\" data-element_type=\"widget\" data-widget_type=\"heading.default\">\n\t\t\t\t<div class=\"elementor-widget-container\">\n\t\t\t<h2 class=\"elementor-heading-title elementor-size-medium\">IL CENTRO DIURNO INTEGRATO\n<\/h2>\t\t<\/div>\n\t\t\t\t<\/div>\n\t\t\t\t<div class=\"elementor-element elementor-element-4d084646 elementor-widget elementor-widget-text-editor\" data-id=\"4d084646\" data-element_type=\"widget\" data-widget_type=\"text-editor.default\">\n\t\t\t\t<div class=\"elementor-widget-container\">\n\t\t\t\t\t<div class=\"elementor-text-editor elementor-clearfix\"><p style=\"margin-bottom: 10px; font-family: 'Titillium Web'; font-size: 18px; color: #000000;\">Garantisce all\u2019Ospite prestazioni assistenziali e un adeguato livello di vita di relazione mantenendo la permanenza presso il proprio domicilio privato e alla famiglia il supporto e il sostegno necessario.<br \/><br \/>L\u2019assistenza integrata semiresidenziale erogata dal CENTRO DIURNO persegue le seguenti finalit\u00e0:<\/p><\/div>\n\t\t\t\t<\/div>\n\t\t\t\t<\/div>\n\t\t\t\t<div class=\"elementor-element elementor-element-a5d517e elementor-widget elementor-widget-text-editor\" data-id=\"a5d517e\" data-element_type=\"widget\" data-widget_type=\"text-editor.default\">\n\t\t\t\t<div class=\"elementor-widget-container\">\n\t\t\t\t\t<div class=\"elementor-text-editor elementor-clearfix\"><p style=\"font-weight: 400;\">-Ospitare persone con ridotta autonomia e\/o soggetti affetti da demenza, alzheimer e sindromi correlate che necessitano prestazioni sanitarie specialistiche e interventi tesi a mantenere e\/o stimolare le autonomie residue dell\u2019individuo con prestazioni sociosanitarie integrate svolte in regime diurno;<\/p><p style=\"font-weight: 400;\">-Garantire il mantenimento di adeguati livelli di vita di relazione e la continuit\u00e0 dei rapporti familiari attraverso:<\/p><p style=\"font-weight: 400;\">&#8211; interventi e attivit\u00e0 di socializzazione;<\/p><p style=\"font-weight: 400;\">&#8211; mantenimento dell\u2019autonomia residua;<\/p><p style=\"font-weight: 400;\">&#8211; tutela dello stato di salute;<\/p><p style=\"font-weight: 400;\">&#8211; interventi riabilitativi e occupazionali;<\/p><p style=\"font-weight: 400;\">il tutto garantendo il rientro serale presso il proprio domicilio.<\/p><\/div>\n\t\t\t\t<\/div>\n\t\t\t\t<\/div>\n\t\t\t\t\t\t<\/div>\n\t\t\t\t\t<\/div>\n\t\t<\/div>\n\t\t\t\t\t\t\t\t<\/div>\n\t\t\t\t\t<\/div>\n\t\t<\/section>\n\t\t\t\t<section class=\"elementor-section elementor-top-section elementor-element elementor-element-2b25e4ea elementor-section-boxed elementor-section-height-default elementor-section-height-default\" data-id=\"2b25e4ea\" data-element_type=\"section\">\n\t\t\t\t\t\t<div class=\"elementor-container elementor-column-gap-default\">\n\t\t\t\t\t\t\t<div class=\"elementor-row\">\n\t\t\t\t\t<div class=\"elementor-column elementor-col-100 elementor-top-column elementor-element elementor-element-220f6dad\" data-id=\"220f6dad\" data-element_type=\"column\">\n\t\t\t<div class=\"elementor-column-wrap elementor-element-populated\">\n\t\t\t\t\t\t\t<div class=\"elementor-widget-wrap\">\n\t\t\t\t\t\t<div class=\"elementor-element elementor-element-3a04299a elementor-widget-divider--view-line elementor-widget elementor-widget-divider\" data-id=\"3a04299a\" data-element_type=\"widget\" data-widget_type=\"divider.default\">\n\t\t\t\t<div class=\"elementor-widget-container\">\n\t\t\t\t\t<div class=\"elementor-divider\">\n\t\t\t<span class=\"elementor-divider-separator\">\n\t\t\t\t\t\t<\/span>\n\t\t<\/div>\n\t\t\t\t<\/div>\n\t\t\t\t<\/div>\n\t\t\t\t\t\t<\/div>\n\t\t\t\t\t<\/div>\n\t\t<\/div>\n\t\t\t\t\t\t\t\t<\/div>\n\t\t\t\t\t<\/div>\n\t\t<\/section>\n\t\t\t\t<section class=\"elementor-section elementor-top-section elementor-element elementor-element-11e8b946 elementor-section-boxed elementor-section-height-default elementor-section-height-default\" data-id=\"11e8b946\" data-element_type=\"section\">\n\t\t\t\t\t\t<div class=\"elementor-container elementor-column-gap-default\">\n\t\t\t\t\t\t\t<div class=\"elementor-row\">\n\t\t\t\t\t<div class=\"elementor-column elementor-col-100 elementor-top-column elementor-element elementor-element-672666c6\" data-id=\"672666c6\" data-element_type=\"column\">\n\t\t\t<div class=\"elementor-column-wrap elementor-element-populated\">\n\t\t\t\t\t\t\t<div class=\"elementor-widget-wrap\">\n\t\t\t\t\t\t<div class=\"elementor-element elementor-element-6c33c5bc elementor-widget elementor-widget-heading\" data-id=\"6c33c5bc\" data-element_type=\"widget\" data-widget_type=\"heading.default\">\n\t\t\t\t<div class=\"elementor-widget-container\">\n\t\t\t<h2 class=\"elementor-heading-title elementor-size-medium\">Servizi Erogati<\/h2>\t\t<\/div>\n\t\t\t\t<\/div>\n\t\t\t\t<div class=\"elementor-element elementor-element-2848b0c elementor-widget elementor-widget-text-editor\" data-id=\"2848b0c\" data-element_type=\"widget\" data-widget_type=\"text-editor.default\">\n\t\t\t\t<div class=\"elementor-widget-container\">\n\t\t\t\t\t<div class=\"elementor-text-editor elementor-clearfix\">L\u2019assistenza sociosanitaria integrata semiresidenziale \u00e8 erogata dal luned\u00ec al venerd\u00ec dalle 9.30 alle 17.30 tutto l\u2019anno. Essa \u00e8 di durata variabile in base al progetto riabilitativo elaborato e rappresenta un\u2019utile integrazione ai servizi forniti dalla RSA e dall\u2019Assistenza Domiciliare Integrata, con i quali garantisce la continuit\u00e0 assistenziale, consentendo il passaggio degli utenti da un setting assistenziale ad un altro, quando mutano le condizioni cliniche e di autosufficienza e\/o familiari senza nessun disagio e in un ambiente curato e accogliente.\n\nI trattamenti erogati sono costituiti da prestazioni professionali di tipo medico, riabilitativo, infermieristico e tutelare, accertamenti diagnostici, assistenza farmaceutica, assistenza protesica. Inoltre vengono svolte attivit\u00e0 di socializzazione, laboratoriali, ricreative e di terapia occupazionale.\n\n<b>La Dimora Marigold garantir\u00e0 gratuitamente, per tutti coloro che lo richiederanno, un servizio navetta giornaliero dal domicilio del paziente alla struttura e viceversa con personale e mezzi adeguati anche all\u2019eventuale trasporto di pazienti con ridotta mobilit\u00e0.<\/b><\/div>\n\t\t\t\t<\/div>\n\t\t\t\t<\/div>\n\t\t\t\t\t\t<\/div>\n\t\t\t\t\t<\/div>\n\t\t<\/div>\n\t\t\t\t\t\t\t\t<\/div>\n\t\t\t\t\t<\/div>\n\t\t<\/section>\n\t\t\t\t<section class=\"elementor-section elementor-top-section elementor-element elementor-element-665df688 elementor-section-boxed elementor-section-height-default elementor-section-height-default\" data-id=\"665df688\" data-element_type=\"section\">\n\t\t\t\t\t\t<div class=\"elementor-container elementor-column-gap-default\">\n\t\t\t\t\t\t\t<div class=\"elementor-row\">\n\t\t\t\t\t<div class=\"elementor-column elementor-col-100 elementor-top-column elementor-element elementor-element-2576fb93\" data-id=\"2576fb93\" data-element_type=\"column\">\n\t\t\t<div class=\"elementor-column-wrap elementor-element-populated\">\n\t\t\t\t\t\t\t<div class=\"elementor-widget-wrap\">\n\t\t\t\t\t\t<div class=\"elementor-element elementor-element-5377ad65 elementor-widget-divider--view-line elementor-widget elementor-widget-divider\" data-id=\"5377ad65\" data-element_type=\"widget\" data-widget_type=\"divider.default\">\n\t\t\t\t<div class=\"elementor-widget-container\">\n\t\t\t\t\t<div class=\"elementor-divider\">\n\t\t\t<span class=\"elementor-divider-separator\">\n\t\t\t\t\t\t<\/span>\n\t\t<\/div>\n\t\t\t\t<\/div>\n\t\t\t\t<\/div>\n\t\t\t\t\t\t<\/div>\n\t\t\t\t\t<\/div>\n\t\t<\/div>\n\t\t\t\t\t\t\t\t<\/div>\n\t\t\t\t\t<\/div>\n\t\t<\/section>\n\t\t\t\t<section class=\"elementor-section elementor-top-section elementor-element elementor-element-1488be92 elementor-section-boxed elementor-section-height-default elementor-section-height-default\" data-id=\"1488be92\" data-element_type=\"section\">\n\t\t\t\t\t\t<div class=\"elementor-container elementor-column-gap-default\">\n\t\t\t\t\t\t\t<div class=\"elementor-row\">\n\t\t\t\t\t<div class=\"elementor-column elementor-col-100 elementor-top-column elementor-element elementor-element-6b5abc02\" data-id=\"6b5abc02\" data-element_type=\"column\">\n\t\t\t<div class=\"elementor-column-wrap elementor-element-populated\">\n\t\t\t\t\t\t\t<div class=\"elementor-widget-wrap\">\n\t\t\t\t\t\t<div class=\"elementor-element elementor-element-50b6cdad elementor-widget elementor-widget-heading\" data-id=\"50b6cdad\" data-element_type=\"widget\" data-widget_type=\"heading.default\">\n\t\t\t\t<div class=\"elementor-widget-container\">\n\t\t\t<h2 class=\"elementor-heading-title elementor-size-medium\">Chi ospitiamo?<\/h2>\t\t<\/div>\n\t\t\t\t<\/div>\n\t\t\t\t<div class=\"elementor-element elementor-element-3a60b2a0 elementor-widget elementor-widget-text-editor\" data-id=\"3a60b2a0\" data-element_type=\"widget\" data-widget_type=\"text-editor.default\">\n\t\t\t\t<div class=\"elementor-widget-container\">\n\t\t\t\t\t<div class=\"elementor-text-editor elementor-clearfix\"><p>All\u2019interno del CENTRO DIURNO possono essere accolte persone adulte affette da demenza, alzheimer e sindromi correlate o disabili, per le quali sussistono le seguenti condizioni:<\/p><\/div>\n\t\t\t\t<\/div>\n\t\t\t\t<\/div>\n\t\t\t\t<div class=\"elementor-element elementor-element-4116dc9 elementor-widget elementor-widget-text-editor\" data-id=\"4116dc9\" data-element_type=\"widget\" data-widget_type=\"text-editor.default\">\n\t\t\t\t<div class=\"elementor-widget-container\">\n\t\t\t\t\t<div class=\"elementor-text-editor elementor-clearfix\"><p>&#8211; Scarsa autonomia temporanea o protratta e grande impedimento nelle attivit\u00e0 di vita quotidiana;<\/p><p>&#8211; Condizioni socio ambientali e\/o familiari che consentono la permanenza al domicilio per almeno parte della giornata;<\/p><p>&#8211; Condizioni cliniche che consentono il trasferimento quotidiano dal proprio domicilio verso la struttura semiresidenziale senza pregiudizio per lo stato di salute e che inoltre escludano interventi altamente specialistici;<\/p><p>&#8211; Presenza di bisogni complessi che richiedano contemporaneamente prestazioni sanitarie ed interventi socio-assistenziali da parte di un equipe multiprofessionale;<\/p><p>&#8211; Necessit\u00e0 di un medio livello di assistenza sanitaria integrato da un alto livello di assistenza tutelare;<\/p><p>&#8211; Presenza di bisogni legati alla socializzazione e l\u2019inserimento del paziente in una rete di relazioni significative, in assenza o in supporto al suo nucleo familiare;<\/p><p>&#8211; Cittadini residenti in Regione Campania.<\/p><\/div>\n\t\t\t\t<\/div>\n\t\t\t\t<\/div>\n\t\t\t\t\t\t<\/div>\n\t\t\t\t\t<\/div>\n\t\t<\/div>\n\t\t\t\t\t\t\t\t<\/div>\n\t\t\t\t\t<\/div>\n\t\t<\/section>\n\t\t\t\t<section class=\"elementor-section elementor-top-section elementor-element elementor-element-7c30573f elementor-section-boxed elementor-section-height-default elementor-section-height-default\" data-id=\"7c30573f\" data-element_type=\"section\">\n\t\t\t\t\t\t<div class=\"elementor-container elementor-column-gap-default\">\n\t\t\t\t\t\t\t<div class=\"elementor-row\">\n\t\t\t\t\t<div class=\"elementor-column elementor-col-100 elementor-top-column elementor-element elementor-element-5170e793\" data-id=\"5170e793\" data-element_type=\"column\">\n\t\t\t<div class=\"elementor-column-wrap elementor-element-populated\">\n\t\t\t\t\t\t\t<div class=\"elementor-widget-wrap\">\n\t\t\t\t\t\t<div class=\"elementor-element elementor-element-2b22d1d9 elementor-widget-divider--view-line elementor-widget elementor-widget-divider\" data-id=\"2b22d1d9\" data-element_type=\"widget\" data-widget_type=\"divider.default\">\n\t\t\t\t<div class=\"elementor-widget-container\">\n\t\t\t\t\t<div class=\"elementor-divider\">\n\t\t\t<span class=\"elementor-divider-separator\">\n\t\t\t\t\t\t<\/span>\n\t\t<\/div>\n\t\t\t\t<\/div>\n\t\t\t\t<\/div>\n\t\t\t\t\t\t<\/div>\n\t\t\t\t\t<\/div>\n\t\t<\/div>\n\t\t\t\t\t\t\t\t<\/div>\n\t\t\t\t\t<\/div>\n\t\t<\/section>\n\t\t\t\t<section class=\"elementor-section elementor-top-section elementor-element elementor-element-340d33f5 elementor-section-boxed elementor-section-height-default elementor-section-height-default\" data-id=\"340d33f5\" data-element_type=\"section\">\n\t\t\t\t\t\t<div class=\"elementor-container elementor-column-gap-default\">\n\t\t\t\t\t\t\t<div class=\"elementor-row\">\n\t\t\t\t\t<div class=\"elementor-column elementor-col-100 elementor-top-column elementor-element elementor-element-738810a\" data-id=\"738810a\" data-element_type=\"column\">\n\t\t\t<div class=\"elementor-column-wrap elementor-element-populated\">\n\t\t\t\t\t\t\t<div class=\"elementor-widget-wrap\">\n\t\t\t\t\t\t<div class=\"elementor-element elementor-element-612c5d elementor-widget elementor-widget-heading\" data-id=\"612c5d\" data-element_type=\"widget\" data-widget_type=\"heading.default\">\n\t\t\t\t<div class=\"elementor-widget-container\">\n\t\t\t<h2 class=\"elementor-heading-title elementor-size-medium\">MODALITA\u2019 DI ACCESSO<\/h2>\t\t<\/div>\n\t\t\t\t<\/div>\n\t\t\t\t<div class=\"elementor-element elementor-element-6e3ed28b elementor-widget elementor-widget-text-editor\" data-id=\"6e3ed28b\" data-element_type=\"widget\" data-widget_type=\"text-editor.default\">\n\t\t\t\t<div class=\"elementor-widget-container\">\n\t\t\t\t\t<div class=\"elementor-text-editor elementor-clearfix\">L\u2019accesso al Centro Diurno \u00e8 effettuato previa valutazione multidimensionale dell\u2019utente e della definizione del PAI, comprensivo del progetto riabilitativo. Esso avviene attraverso la procedura di accesso ordinario richiesta dal diretto interessato o dal familiare o dai servizi sociali o dal medico curante.\n\nTale richiesta deve essere effettuata mediante la specifica modulistica (Scheda A e\/o B della S.VA.M.A.) da presentare al distretto sanitario di appartenenza (in base alla residenza del paziente). Il distretto attiva l\u2019UVI (Unit\u00e0 di Valutazione Integrata) e nel caso in cui sussistano i criteri di eleggibilit\u00e0 viene formulata la proposta di ammissione al Centro Diurno.\n\nL\u2019ufficio relazioni pubbliche della Dimora Marigold ricever\u00e0 gli interessati al ricovero nei giorni ed agli orari stabiliti al fine di informare e supportare l\u2019utenza nel disbrigo della modulistica necessaria alla presa in carico. In ogni caso, anche a procedura finalizzata, sar\u00e0 necessaria una visita in struttura per poter pianificare l\u2019accesso in Dimora Marigold.<\/div>\n\t\t\t\t<\/div>\n\t\t\t\t<\/div>\n\t\t\t\t\t\t<\/div>\n\t\t\t\t\t<\/div>\n\t\t<\/div>\n\t\t\t\t\t\t\t\t<\/div>\n\t\t\t\t\t<\/div>\n\t\t<\/section>\n\t\t\t\t<section class=\"elementor-section elementor-top-section elementor-element elementor-element-1cd1342e elementor-section-content-middle elementor-section-full_width elementor-section-height-default elementor-section-height-default\" data-id=\"1cd1342e\" data-element_type=\"section\" data-settings=\"{&quot;background_background&quot;:&quot;classic&quot;}\">\n\t\t\t\t\t\t<div class=\"elementor-container elementor-column-gap-no\">\n\t\t\t\t\t\t\t<div class=\"elementor-row\">\n\t\t\t\t\t<div class=\"elementor-column elementor-col-66 elementor-top-column elementor-element elementor-element-62af7427\" data-id=\"62af7427\" data-element_type=\"column\" data-settings=\"{&quot;background_background&quot;:&quot;gradient&quot;}\">\n\t\t\t<div class=\"elementor-column-wrap elementor-element-populated\">\n\t\t\t\t\t\t\t<div class=\"elementor-widget-wrap\">\n\t\t\t\t\t\t<div class=\"elementor-element elementor-element-18c9d923 elementor-widget elementor-widget-heading\" data-id=\"18c9d923\" data-element_type=\"widget\" data-widget_type=\"heading.default\">\n\t\t\t\t<div class=\"elementor-widget-container\">\n\t\t\t<h4 class=\"elementor-heading-title elementor-size-large\"><a href=\"https:\/\/www.dimoramarigold.it\/index.php\/contatti\/\">Contattaci<\/a><\/h4>\t\t<\/div>\n\t\t\t\t<\/div>\n\t\t\t\t<div class=\"elementor-element elementor-element-6f590e78 elementor-align-center elementor-icon-list--layout-traditional elementor-list-item-link-full_width elementor-widget elementor-widget-icon-list\" data-id=\"6f590e78\" data-element_type=\"widget\" data-widget_type=\"icon-list.default\">\n\t\t\t\t<div class=\"elementor-widget-container\">\n\t\t\t\t\t<ul class=\"elementor-icon-list-items\">\n\t\t\t\t\t\t\t<li class=\"elementor-icon-list-item\">\n\t\t\t\t\t\t\t\t\t\t\t<span class=\"elementor-icon-list-icon\">\n\t\t\t\t\t\t\t<i aria-hidden=\"true\" class=\"fas fa-phone-square\"><\/i>\t\t\t\t\t\t<\/span>\n\t\t\t\t\t\t\t\t\t\t<span class=\"elementor-icon-list-text\">081 18537910 - 081 18537902<\/span>\n\t\t\t\t\t\t\t\t\t<\/li>\n\t\t\t\t\t\t\t\t<li class=\"elementor-icon-list-item\">\n\t\t\t\t\t\t\t\t\t\t\t<span class=\"elementor-icon-list-icon\">\n\t\t\t\t\t\t\t<i aria-hidden=\"true\" class=\"fas fa-envelope-square\"><\/i>\t\t\t\t\t\t<\/span>\n\t\t\t\t\t\t\t\t\t\t<span class=\"elementor-icon-list-text\">info@dimoramarigold.it<\/span>\n\t\t\t\t\t\t\t\t\t<\/li>\n\t\t\t\t\t\t\t\t<li class=\"elementor-icon-list-item\">\n\t\t\t\t\t\t\t\t\t\t\t<span class=\"elementor-icon-list-icon\">\n\t\t\t\t\t\t\t<i aria-hidden=\"true\" class=\"fas fa-map-marker-alt\"><\/i>\t\t\t\t\t\t<\/span>\n\t\t\t\t\t\t\t\t\t\t<span class=\"elementor-icon-list-text\">Via Solfatara 163, 80078 - Pozzuoli NA<\/span>\n\t\t\t\t\t\t\t\t\t<\/li>\n\t\t\t\t\t\t<\/ul>\n\t\t\t\t<\/div>\n\t\t\t\t<\/div>\n\t\t\t\t\t\t<\/div>\n\t\t\t\t\t<\/div>\n\t\t<\/div>\n\t\t\t\t<div class=\"elementor-column elementor-col-33 elementor-top-column elementor-element elementor-element-5cbb83b1\" data-id=\"5cbb83b1\" data-element_type=\"column\" data-settings=\"{&quot;background_background&quot;:&quot;gradient&quot;}\">\n\t\t\t<div class=\"elementor-column-wrap elementor-element-populated\">\n\t\t\t\t\t\t\t<div class=\"elementor-widget-wrap\">\n\t\t\t\t\t\t<div class=\"elementor-element elementor-element-3e4065c8 elementor-widget elementor-widget-heading\" data-id=\"3e4065c8\" data-element_type=\"widget\" data-widget_type=\"heading.default\">\n\t\t\t\t<div class=\"elementor-widget-container\">\n\t\t\t<h4 class=\"elementor-heading-title elementor-size-large\">Richiedi una visita in struttura<\/h4>\t\t<\/div>\n\t\t\t\t<\/div>\n\t\t\t\t<div class=\"elementor-element elementor-element-762b4e7b elementor-align-center elementor-mobile-align-center elementor-widget elementor-widget-button\" data-id=\"762b4e7b\" data-element_type=\"widget\" data-widget_type=\"button.default\">\n\t\t\t\t<div class=\"elementor-widget-container\">\n\t\t\t\t\t<div class=\"elementor-button-wrapper\">\n\t\t\t<a href=\"https:\/\/www.dimoramarigold.it\/wp-content\/uploads\/2022\/08\/Richiesta-informazione-e-o-visita-struttura.pdf\" class=\"elementor-button-link elementor-button elementor-size-sm\" role=\"button\">\n\t\t\t\t\t\t<span class=\"elementor-button-content-wrapper\">\n\t\t\t\t\t\t<span class=\"elementor-button-text\">SCARICA IL MODULO<\/span>\n\t\t<\/span>\n\t\t\t\t\t<\/a>\n\t\t<\/div>\n\t\t\t\t<\/div>\n\t\t\t\t<\/div>\n\t\t\t\t\t\t<\/div>\n\t\t\t\t\t<\/div>\n\t\t<\/div>\n\t\t\t\t\t\t\t\t<\/div>\n\t\t\t\t\t<\/div>\n\t\t<\/section>\n\t\t\t\t\t\t<\/div>\n\t\t\t\t\t\t<\/div>\n\t\t\t\t\t<\/div>\n\t\t","protected":false},"excerpt":{"rendered":"<p>Centro Diurno IL CENTRO DIURNO INTEGRATO Garantisce all\u2019Ospite prestazioni assistenziali e un adeguato livello di vita di relazione mantenendo la permanenza presso il proprio domicilio privato e alla famiglia il supporto e il sostegno necessario. L\u2019assistenza integrata semiresidenziale erogata dal CENTRO DIURNO persegue le seguenti finalit\u00e0: -Ospitare persone con ridotta autonomia e\/o soggetti affetti da [&hellip;]<\/p>\n","protected":false},"author":1,"featured_media":0,"parent":0,"menu_order":0,"comment_status":"closed","ping_status":"closed","template":"elementor_header_footer","meta":[],"yoast_head":"<!-- This site is optimized with the Yoast SEO plugin v15.9.1 - https:\/\/yoast.com\/wordpress\/plugins\/seo\/ -->\r\n<title>Centro Diurno - Dimora Marigold<\/title>\r\n<meta name=\"robots\" content=\"index, follow, max-snippet:-1, max-image-preview:large, max-video-preview:-1\" \/>\r\n<link rel=\"canonical\" href=\"https:\/\/www.dimoramarigold.it\/index.php\/centro-diurno\/\" \/>\r\n<meta property=\"og:locale\" content=\"it_IT\" \/>\r\n<meta property=\"og:type\" content=\"article\" \/>\r\n<meta property=\"og:title\" content=\"Centro Diurno - Dimora Marigold\" \/>\r\n<meta property=\"og:description\" content=\"Centro Diurno IL CENTRO DIURNO INTEGRATO Garantisce all\u2019Ospite prestazioni assistenziali e un adeguato livello di vita di relazione mantenendo la permanenza presso il proprio domicilio privato e alla famiglia il supporto e il sostegno necessario. L\u2019assistenza integrata semiresidenziale erogata dal CENTRO DIURNO persegue le seguenti finalit\u00e0: -Ospitare persone con ridotta autonomia e\/o soggetti affetti da [&hellip;]\" \/>\r\n<meta property=\"og:url\" content=\"https:\/\/www.dimoramarigold.it\/index.php\/centro-diurno\/\" \/>\r\n<meta property=\"og:site_name\" content=\"Dimora Marigold\" \/>\r\n<meta property=\"article:publisher\" content=\"https:\/\/www.facebook.com\/dimoramarigold\/\" \/>\r\n<meta property=\"article:modified_time\" content=\"2022-08-24T15:54:20+00:00\" \/>\r\n<meta name=\"twitter:card\" content=\"summary_large_image\" \/>\r\n<meta name=\"twitter:label1\" content=\"Tempo di lettura stimato\">\n\t<meta name=\"twitter:data1\" content=\"3 minuti\">\r\n<script type=\"application\/ld+json\" class=\"yoast-schema-graph\">{\"@context\":\"https:\/\/schema.org\",\"@graph\":[{\"@type\":\"Organization\",\"@id\":\"https:\/\/www.dimoramarigold.it\/#organization\",\"name\":\"Dimora Marigold\",\"url\":\"https:\/\/www.dimoramarigold.it\/\",\"sameAs\":[\"https:\/\/www.facebook.com\/dimoramarigold\/\",\"https:\/\/instagram.com\/dimoramarigold\"],\"logo\":{\"@type\":\"ImageObject\",\"@id\":\"https:\/\/www.dimoramarigold.it\/#logo\",\"inLanguage\":\"it-IT\",\"url\":\"https:\/\/www.dimoramarigold.it\/wp-content\/uploads\/2019\/12\/logopayoff-copia.png\",\"width\":1000,\"height\":1000,\"caption\":\"Dimora Marigold\"},\"image\":{\"@id\":\"https:\/\/www.dimoramarigold.it\/#logo\"}},{\"@type\":\"WebSite\",\"@id\":\"https:\/\/www.dimoramarigold.it\/#website\",\"url\":\"https:\/\/www.dimoramarigold.it\/\",\"name\":\"Dimora Marigold\",\"description\":\"R.S.A. (Residenza Sanitaria Assistenziale e Centro Diurno) che realizza e fornisce servizi avanzati di tipo assistenziale e sanitario alla Persona.\",\"publisher\":{\"@id\":\"https:\/\/www.dimoramarigold.it\/#organization\"},\"potentialAction\":[{\"@type\":\"SearchAction\",\"target\":\"https:\/\/www.dimoramarigold.it\/?s={search_term_string}\",\"query-input\":\"required name=search_term_string\"}],\"inLanguage\":\"it-IT\"},{\"@type\":\"WebPage\",\"@id\":\"https:\/\/www.dimoramarigold.it\/index.php\/centro-diurno\/#webpage\",\"url\":\"https:\/\/www.dimoramarigold.it\/index.php\/centro-diurno\/\",\"name\":\"Centro Diurno - Dimora Marigold\",\"isPartOf\":{\"@id\":\"https:\/\/www.dimoramarigold.it\/#website\"},\"datePublished\":\"2021-03-04T14:12:28+00:00\",\"dateModified\":\"2022-08-24T15:54:20+00:00\",\"breadcrumb\":{\"@id\":\"https:\/\/www.dimoramarigold.it\/index.php\/centro-diurno\/#breadcrumb\"},\"inLanguage\":\"it-IT\",\"potentialAction\":[{\"@type\":\"ReadAction\",\"target\":[\"https:\/\/www.dimoramarigold.it\/index.php\/centro-diurno\/\"]}]},{\"@type\":\"BreadcrumbList\",\"@id\":\"https:\/\/www.dimoramarigold.it\/index.php\/centro-diurno\/#breadcrumb\",\"itemListElement\":[{\"@type\":\"ListItem\",\"position\":1,\"item\":{\"@type\":\"WebPage\",\"@id\":\"https:\/\/www.dimoramarigold.it\/\",\"url\":\"https:\/\/www.dimoramarigold.it\/\",\"name\":\"Home\"}},{\"@type\":\"ListItem\",\"position\":2,\"item\":{\"@type\":\"WebPage\",\"@id\":\"https:\/\/www.dimoramarigold.it\/index.php\/centro-diurno\/\",\"url\":\"https:\/\/www.dimoramarigold.it\/index.php\/centro-diurno\/\",\"name\":\"Centro Diurno\"}}]}]}<\/script>\r\n<!-- \/ Yoast SEO plugin. -->","_links":{"self":[{"href":"https:\/\/www.dimoramarigold.it\/index.php\/wp-json\/wp\/v2\/pages\/582"}],"collection":[{"href":"https:\/\/www.dimoramarigold.it\/index.php\/wp-json\/wp\/v2\/pages"}],"about":[{"href":"https:\/\/www.dimoramarigold.it\/index.php\/wp-json\/wp\/v2\/types\/page"}],"author":[{"embeddable":true,"href":"https:\/\/www.dimoramarigold.it\/index.php\/wp-json\/wp\/v2\/users\/1"}],"replies":[{"embeddable":true,"href":"https:\/\/www.dimoramarigold.it\/index.php\/wp-json\/wp\/v2\/comments?post=582"}],"version-history":[{"count":13,"href":"https:\/\/www.dimoramarigold.it\/index.php\/wp-json\/wp\/v2\/pages\/582\/revisions"}],"predecessor-version":[{"id":650,"href":"https:\/\/www.dimoramarigold.it\/index.php\/wp-json\/wp\/v2\/pages\/582\/revisions\/650"}],"wp:attachment":[{"href":"https:\/\/www.dimoramarigold.it\/index.php\/wp-json\/wp\/v2\/media?parent=582"}],"curies":[{"name":"wp","href":"https:\/\/api.w.org\/{rel}","templated":true}]}}